{"id":13362,"date":"2023-05-25T14:17:54","date_gmt":"2023-05-25T12:17:54","guid":{"rendered":"https:\/\/www.sunn.fr\/wp_into_sunn\/?page_id=13362"},"modified":"2023-05-25T14:58:23","modified_gmt":"2023-05-25T12:58:23","slug":"sunn-history","status":"publish","type":"page","link":"https:\/\/www.sunn.fr\/wp_into_sunn\/en\/sunn-history\/","title":{"rendered":"SUNN History"},"content":{"rendered":"\t\t<div data-elementor-type=\"wp-page\" data-elementor-id=\"13362\" class=\"elementor elementor-13362\">\n\t\t\t\t\t\t<div class=\"elementor-inner\">\n\t\t\t\t<div class=\"elementor-section-wrap\">\n\t\t\t\t\t\t\t\t\t<section class=\"elementor-section elementor-top-section elementor-element elementor-element-837542a elementor-section-boxed elementor-section-height-default elementor-section-height-default\" data-id=\"837542a\" data-element_type=\"section\" data-settings=\"{&quot;jet_parallax_layout_list&quot;:[{&quot;jet_parallax_layout_image&quot;:{&quot;url&quot;:&quot;&quot;,&quot;id&quot;:&quot;&quot;},&quot;_id&quot;:&quot;168017b&quot;,&quot;jet_parallax_layout_image_tablet&quot;:{&quot;url&quot;:&quot;&quot;,&quot;id&quot;:&quot;&quot;},&quot;jet_parallax_layout_image_mobile&quot;:{&quot;url&quot;:&quot;&quot;,&quot;id&quot;:&quot;&quot;},&quot;jet_parallax_layout_speed&quot;:{&quot;unit&quot;:&quot;%&quot;,&quot;size&quot;:50,&quot;sizes&quot;:[]},&quot;jet_parallax_layout_type&quot;:&quot;scroll&quot;,&quot;jet_parallax_layout_direction&quot;:null,&quot;jet_parallax_layout_fx_direction&quot;:null,&quot;jet_parallax_layout_z_index&quot;:&quot;&quot;,&quot;jet_parallax_layout_bg_x&quot;:50,&quot;jet_parallax_layout_bg_x_tablet&quot;:&quot;&quot;,&quot;jet_parallax_layout_bg_x_mobile&quot;:&quot;&quot;,&quot;jet_parallax_layout_bg_y&quot;:50,&quot;jet_parallax_layout_bg_y_tablet&quot;:&quot;&quot;,&quot;jet_parallax_layout_bg_y_mobile&quot;:&quot;&quot;,&quot;jet_parallax_layout_bg_size&quot;:&quot;auto&quot;,&quot;jet_parallax_layout_bg_size_tablet&quot;:&quot;&quot;,&quot;jet_parallax_layout_bg_size_mobile&quot;:&quot;&quot;,&quot;jet_parallax_layout_animation_prop&quot;:&quot;transform&quot;,&quot;jet_parallax_layout_on&quot;:[&quot;desktop&quot;,&quot;tablet&quot;]}],&quot;background_background&quot;:&quot;classic&quot;}\">\n\t\t\t\t\t\t<div class=\"elementor-container elementor-column-gap-default\">\n\t\t\t\t\t\t\t<div class=\"elementor-row\">\n\t\t\t\t\t<div class=\"elementor-column elementor-col-100 elementor-top-column elementor-element elementor-element-47ffe9a\" data-id=\"47ffe9a\" data-element_type=\"column\">\n\t\t\t<div class=\"elementor-column-wrap elementor-element-populated\">\n\t\t\t\t\t\t\t<div class=\"elementor-widget-wrap\">\n\t\t\t\t\t\t<div class=\"elementor-element elementor-element-a5a113f elementor-widget elementor-widget-heading\" data-id=\"a5a113f\" data-element_type=\"widget\" data-widget_type=\"heading.default\">\n\t\t\t\t<div class=\"elementor-widget-container\">\n\t\t\t<h1 class=\"elementor-heading-title elementor-size-default\">A brand is nothing without history or experience, which we have been cultivating for almost 40 years !<\/h1>\t\t<\/div>\n\t\t\t\t<\/div>\n\t\t\t\t<div class=\"elementor-element elementor-element-6553ca9 elementor-widget elementor-widget-image\" data-id=\"6553ca9\" data-element_type=\"widget\" data-widget_type=\"image.default\">\n\t\t\t\t<div class=\"elementor-widget-container\">\n\t\t\t\t\t\t\t\t<div class=\"elementor-image\">\n\t\t\t\t\t\t\t\t\t\t\t\t<img src=\"https:\/\/www.sunn.fr\/wp_into_sunn\/wp-content\/uploads\/2020\/08\/logo_Sunn_noir_web_horizon-1.png\" title=\"\" alt=\"\" \/>\t\t\t\t\t\t\t\t\t\t\t\t\t\t<\/div>\n\t\t\t\t\t\t<\/div>\n\t\t\t\t<\/div>\n\t\t\t\t\t\t<\/div>\n\t\t\t\t\t<\/div>\n\t\t<\/div>\n\t\t\t\t\t\t\t\t<\/div>\n\t\t\t\t\t<\/div>\n\t\t<\/section>\n\t\t\t\t<section class=\"elementor-section elementor-top-section elementor-element elementor-element-81f26e7 elementor-section-boxed elementor-section-height-default elementor-section-height-default\" data-id=\"81f26e7\" data-element_type=\"section\" data-settings=\"{&quot;jet_parallax_layout_list&quot;:[{&quot;jet_parallax_layout_image&quot;:{&quot;url&quot;:&quot;&quot;,&quot;id&quot;:&quot;&quot;},&quot;_id&quot;:&quot;168017b&quot;,&quot;jet_parallax_layout_image_tablet&quot;:{&quot;url&quot;:&quot;&quot;,&quot;id&quot;:&quot;&quot;},&quot;jet_parallax_layout_image_mobile&quot;:{&quot;url&quot;:&quot;&quot;,&quot;id&quot;:&quot;&quot;},&quot;jet_parallax_layout_speed&quot;:{&quot;unit&quot;:&quot;%&quot;,&quot;size&quot;:50,&quot;sizes&quot;:[]},&quot;jet_parallax_layout_type&quot;:&quot;scroll&quot;,&quot;jet_parallax_layout_direction&quot;:null,&quot;jet_parallax_layout_fx_direction&quot;:null,&quot;jet_parallax_layout_z_index&quot;:&quot;&quot;,&quot;jet_parallax_layout_bg_x&quot;:50,&quot;jet_parallax_layout_bg_x_tablet&quot;:&quot;&quot;,&quot;jet_parallax_layout_bg_x_mobile&quot;:&quot;&quot;,&quot;jet_parallax_layout_bg_y&quot;:50,&quot;jet_parallax_layout_bg_y_tablet&quot;:&quot;&quot;,&quot;jet_parallax_layout_bg_y_mobile&quot;:&quot;&quot;,&quot;jet_parallax_layout_bg_size&quot;:&quot;auto&quot;,&quot;jet_parallax_layout_bg_size_tablet&quot;:&quot;&quot;,&quot;jet_parallax_layout_bg_size_mobile&quot;:&quot;&quot;,&quot;jet_parallax_layout_animation_prop&quot;:&quot;transform&quot;,&quot;jet_parallax_layout_on&quot;:[&quot;desktop&quot;,&quot;tablet&quot;]}],&quot;background_background&quot;:&quot;slideshow&quot;,&quot;background_slideshow_gallery&quot;:[],&quot;background_slideshow_loop&quot;:&quot;yes&quot;,&quot;background_slideshow_slide_duration&quot;:5000,&quot;background_slideshow_slide_transition&quot;:&quot;fade&quot;,&quot;background_slideshow_transition_duration&quot;:500}\">\n\t\t\t\t\t\t<div class=\"elementor-container elementor-column-gap-default\">\n\t\t\t\t\t\t\t<div class=\"elementor-row\">\n\t\t\t\t\t<div class=\"elementor-column elementor-col-100 elementor-top-column elementor-element elementor-element-1545fce\" data-id=\"1545fce\" data-element_type=\"column\">\n\t\t\t<div class=\"elementor-column-wrap elementor-element-populated\">\n\t\t\t\t\t\t\t<div class=\"elementor-widget-wrap\">\n\t\t\t\t\t\t<div class=\"elementor-element elementor-element-48d005b elementor-widget elementor-widget-jet-timeline\" data-id=\"48d005b\" data-element_type=\"widget\" data-widget_type=\"jet-timeline.default\">\n\t\t\t\t<div class=\"elementor-widget-container\">\n\t\t\t<div class=\"elementor-jet-timeline jet-elements\"><div class=\"jet-timeline jet-timeline--align-center jet-timeline--align-middle\">\n\t<div class=\"jet-timeline__line\"><div class=\"jet-timeline__line-progress\"><\/div><\/div>\n\t<div class=\"jet-timeline-list\"><div class=\"jet-timeline-item  elementor-repeater-item-f736b78 jet-timeline-item--image-inside\">\n\t<div class=\"timeline-item__card\">\n\t\t<div class=\"timeline-item__card-inner\">\n\t\t\t\t<div class=\"timeline-item__card-img\"><img width=\"876\" height=\"822\" src=\"https:\/\/www.sunn.fr\/wp_into_sunn\/wp-content\/uploads\/2023\/04\/876x822-pbf2022.jpg\" class=\"attachment-full size-full\" alt=\"\" loading=\"lazy\" srcset=\"https:\/\/www.sunn.fr\/wp_into_sunn\/wp-content\/uploads\/2023\/04\/876x822-pbf2022.jpg 876w, https:\/\/www.sunn.fr\/wp_into_sunn\/wp-content\/uploads\/2023\/04\/876x822-pbf2022-300x282.jpg 300w, https:\/\/www.sunn.fr\/wp_into_sunn\/wp-content\/uploads\/2023\/04\/876x822-pbf2022-768x721.jpg 768w, https:\/\/www.sunn.fr\/wp_into_sunn\/wp-content\/uploads\/2023\/04\/876x822-pbf2022-600x563.jpg 600w\" sizes=\"(max-width: 876px) 100vw, 876px\" \/><\/div>\t\t\t\t<div class=\"timeline-item__card-content\">\n\t\t\t\t\t<div class=\"timeline-item__meta\"><div class=\"timeline-item__meta-content\">2022<\/div><\/div><h5 class=\"timeline-item__card-title\">Partnership Loudenvielle - Pyr\u00e9n\u00e9es Bike Festival<\/h5><div class=\"timeline-item__card-desc\">SUNN becomes title partner of the Pyrenees Bike Festival in Loudenvielle !<\/div><div class=\"timeline-item__card-btn-wrap\"><a class=\"timeline-item__card-btn elementor-button elementor-size-md\" role=\"button\" href=\"https:\/\/www.sunn.fr\/fr\/loudenvielle\/\">D\u00e9couvrir<\/a><\/div>\t\t\t\t<\/div>\n\t\t\t\t\t\t<\/div>\n\t\t<div class=\"timeline-item__card-arrow\"><\/div>\n\t<\/div>\n\t<div class=\"timeline-item__point\"><div class=\"timeline-item__point-content timeline-item__point-content--icon\"><span class=\"jet-elements-icon\"><i aria-hidden=\"true\" class=\"fas fa-calendar-alt\"><\/i><\/span><\/div><\/div><div class=\"timeline-item__meta\"><div class=\"timeline-item__meta-content\">2022<\/div><\/div><\/div><div class=\"jet-timeline-item  elementor-repeater-item-4c0639d jet-timeline-item--image-inside\">\n\t<div class=\"timeline-item__card\">\n\t\t<div class=\"timeline-item__card-inner\">\n\t\t\t\t<div class=\"timeline-item__card-img\"><img width=\"876\" height=\"822\" src=\"https:\/\/www.sunn.fr\/wp_into_sunn\/wp-content\/uploads\/2023\/04\/876x822-leo2022.jpg\" class=\"attachment-full size-full\" alt=\"\" loading=\"lazy\" srcset=\"https:\/\/www.sunn.fr\/wp_into_sunn\/wp-content\/uploads\/2023\/04\/876x822-leo2022.jpg 876w, https:\/\/www.sunn.fr\/wp_into_sunn\/wp-content\/uploads\/2023\/04\/876x822-leo2022-300x282.jpg 300w, https:\/\/www.sunn.fr\/wp_into_sunn\/wp-content\/uploads\/2023\/04\/876x822-leo2022-768x721.jpg 768w, https:\/\/www.sunn.fr\/wp_into_sunn\/wp-content\/uploads\/2023\/04\/876x822-leo2022-600x563.jpg 600w\" sizes=\"(max-width: 876px) 100vw, 876px\" \/><\/div>\t\t\t\t<div class=\"timeline-item__card-content\">\n\t\t\t\t\t<div class=\"timeline-item__meta\"><div class=\"timeline-item__meta-content\">2022<\/div><\/div><h5 class=\"timeline-item__card-title\">L\u00e9o Garoyan - U23 BMX World Champion<\/h5><div class=\"timeline-item__card-desc\">L\u00e9o GAROYAN was crowned U23 World Champion at the BMX Race World Championships in Nantes.<\/div><div class=\"timeline-item__card-btn-wrap\"><a class=\"timeline-item__card-btn elementor-button elementor-size-md\" role=\"button\" href=\"https:\/\/life.sunn.fr\/leo-garoyan-sacre-champion-du-monde-u23\/\">En savoir plus<\/a><\/div>\t\t\t\t<\/div>\n\t\t\t\t\t\t<\/div>\n\t\t<div class=\"timeline-item__card-arrow\"><\/div>\n\t<\/div>\n\t<div class=\"timeline-item__point\"><div class=\"timeline-item__point-content timeline-item__point-content--icon\"><span class=\"jet-elements-icon\"><i aria-hidden=\"true\" class=\"fas fa-calendar-alt\"><\/i><\/span><\/div><\/div><div class=\"timeline-item__meta\"><div class=\"timeline-item__meta-content\">2022<\/div><\/div><\/div><div class=\"jet-timeline-item  elementor-repeater-item-3805261 jet-timeline-item--image-inside\">\n\t<div class=\"timeline-item__card\">\n\t\t<div class=\"timeline-item__card-inner\">\n\t\t\t\t<div class=\"timeline-item__card-img\"><img width=\"876\" height=\"822\" src=\"https:\/\/www.sunn.fr\/wp_into_sunn\/wp-content\/uploads\/2023\/04\/876x822-kern2022.jpg\" class=\"attachment-full size-full\" alt=\"\" loading=\"lazy\" srcset=\"https:\/\/www.sunn.fr\/wp_into_sunn\/wp-content\/uploads\/2023\/04\/876x822-kern2022.jpg 876w, https:\/\/www.sunn.fr\/wp_into_sunn\/wp-content\/uploads\/2023\/04\/876x822-kern2022-300x282.jpg 300w, https:\/\/www.sunn.fr\/wp_into_sunn\/wp-content\/uploads\/2023\/04\/876x822-kern2022-768x721.jpg 768w, https:\/\/www.sunn.fr\/wp_into_sunn\/wp-content\/uploads\/2023\/04\/876x822-kern2022-600x563.jpg 600w\" sizes=\"(max-width: 876px) 100vw, 876px\" \/><\/div>\t\t\t\t<div class=\"timeline-item__card-content\">\n\t\t\t\t\t<div class=\"timeline-item__meta\"><div class=\"timeline-item__meta-content\">2022<\/div><\/div><h5 class=\"timeline-item__card-title\">KERN Launch<\/h5><div class=\"timeline-item__card-desc\">SUNN launches in September 2022 during the Pyrenees Bike Festival the brand new KERN All Mountain platform ! <\/div>\t\t\t\t<\/div>\n\t\t\t\t\t\t<\/div>\n\t\t<div class=\"timeline-item__card-arrow\"><\/div>\n\t<\/div>\n\t<div class=\"timeline-item__point\"><div class=\"timeline-item__point-content timeline-item__point-content--icon\"><span class=\"jet-elements-icon\"><i aria-hidden=\"true\" class=\"fas fa-calendar-alt\"><\/i><\/span><\/div><\/div><div class=\"timeline-item__meta\"><div class=\"timeline-item__meta-content\">2022<\/div><\/div><\/div><div class=\"jet-timeline-item  elementor-repeater-item-b093fce jet-timeline-item--image-inside\">\n\t<div class=\"timeline-item__card\">\n\t\t<div class=\"timeline-item__card-inner\">\n\t\t\t\t<div class=\"timeline-item__card-img\"><img width=\"876\" height=\"822\" src=\"https:\/\/www.sunn.fr\/wp_into_sunn\/wp-content\/uploads\/2023\/04\/876x822-eddy2021.jpg\" class=\"attachment-full size-full\" alt=\"\" loading=\"lazy\" srcset=\"https:\/\/www.sunn.fr\/wp_into_sunn\/wp-content\/uploads\/2023\/04\/876x822-eddy2021.jpg 876w, https:\/\/www.sunn.fr\/wp_into_sunn\/wp-content\/uploads\/2023\/04\/876x822-eddy2021-300x282.jpg 300w, https:\/\/www.sunn.fr\/wp_into_sunn\/wp-content\/uploads\/2023\/04\/876x822-eddy2021-768x721.jpg 768w, https:\/\/www.sunn.fr\/wp_into_sunn\/wp-content\/uploads\/2023\/04\/876x822-eddy2021-600x563.jpg 600w\" sizes=\"(max-width: 876px) 100vw, 876px\" \/><\/div>\t\t\t\t<div class=\"timeline-item__card-content\">\n\t\t\t\t\t<div class=\"timeline-item__meta\"><div class=\"timeline-item__meta-content\">2021<\/div><\/div><h5 class=\"timeline-item__card-title\">Eddy Clert\u00e9 - Pumptrack World Champion<\/h5><div class=\"timeline-item__card-desc\">It is in Portugal and more precisely in Lisbon on Sunday, October 17, 2021, that Eddy CLERT\u00c9 won his first World Champion title in Pumptrack.<\/div><div class=\"timeline-item__card-btn-wrap\"><a class=\"timeline-item__card-btn elementor-button elementor-size-md\" role=\"button\" href=\"https:\/\/life.sunn.fr\/eddy-clerte-champion-du-monde-de-pump-track\/\">En savoir plus<\/a><\/div>\t\t\t\t<\/div>\n\t\t\t\t\t\t<\/div>\n\t\t<div class=\"timeline-item__card-arrow\"><\/div>\n\t<\/div>\n\t<div class=\"timeline-item__point\"><div class=\"timeline-item__point-content timeline-item__point-content--icon\"><span class=\"jet-elements-icon\"><i aria-hidden=\"true\" class=\"fas fa-calendar-alt\"><\/i><\/span><\/div><\/div><div class=\"timeline-item__meta\"><div class=\"timeline-item__meta-content\">2021<\/div><\/div><\/div><div class=\"jet-timeline-item  elementor-repeater-item-4bdd7a5 jet-timeline-item--image-inside\">\n\t<div class=\"timeline-item__card\">\n\t\t<div class=\"timeline-item__card-inner\">\n\t\t\t\t<div class=\"timeline-item__card-img\"><img width=\"876\" height=\"822\" src=\"https:\/\/www.sunn.fr\/wp_into_sunn\/wp-content\/uploads\/2023\/04\/876x822-gravel2021.jpg\" class=\"attachment-full size-full\" alt=\"\" loading=\"lazy\" srcset=\"https:\/\/www.sunn.fr\/wp_into_sunn\/wp-content\/uploads\/2023\/04\/876x822-gravel2021.jpg 876w, https:\/\/www.sunn.fr\/wp_into_sunn\/wp-content\/uploads\/2023\/04\/876x822-gravel2021-300x282.jpg 300w, https:\/\/www.sunn.fr\/wp_into_sunn\/wp-content\/uploads\/2023\/04\/876x822-gravel2021-768x721.jpg 768w, https:\/\/www.sunn.fr\/wp_into_sunn\/wp-content\/uploads\/2023\/04\/876x822-gravel2021-600x563.jpg 600w\" sizes=\"(max-width: 876px) 100vw, 876px\" \/><\/div>\t\t\t\t<div class=\"timeline-item__card-content\">\n\t\t\t\t\t<div class=\"timeline-item__meta\"><div class=\"timeline-item__meta-content\">2021<\/div><\/div><h5 class=\"timeline-item__card-title\">Gravel - Venture<\/h5><div class=\"timeline-item__card-desc\">Sunn arrives on the gravel market with its VENTURE range. The objective is clear: to give you a lot of sensations and freedom.<\/div>\t\t\t\t<\/div>\n\t\t\t\t\t\t<\/div>\n\t\t<div class=\"timeline-item__card-arrow\"><\/div>\n\t<\/div>\n\t<div class=\"timeline-item__point\"><div class=\"timeline-item__point-content timeline-item__point-content--icon\"><span class=\"jet-elements-icon\"><i aria-hidden=\"true\" class=\"fas fa-calendar-alt\"><\/i><\/span><\/div><\/div><div class=\"timeline-item__meta\"><div class=\"timeline-item__meta-content\">2021<\/div><\/div><\/div><div class=\"jet-timeline-item  elementor-repeater-item-12eaf37 jet-timeline-item--image-inside\">\n\t<div class=\"timeline-item__card\">\n\t\t<div class=\"timeline-item__card-inner\">\n\t\t\t\t<div class=\"timeline-item__card-img\"><img width=\"876\" height=\"822\" src=\"https:\/\/www.sunn.fr\/wp_into_sunn\/wp-content\/uploads\/2023\/04\/876x822-kernel2021.jpg\" class=\"attachment-full size-full\" alt=\"\" loading=\"lazy\" srcset=\"https:\/\/www.sunn.fr\/wp_into_sunn\/wp-content\/uploads\/2023\/04\/876x822-kernel2021.jpg 876w, https:\/\/www.sunn.fr\/wp_into_sunn\/wp-content\/uploads\/2023\/04\/876x822-kernel2021-300x282.jpg 300w, https:\/\/www.sunn.fr\/wp_into_sunn\/wp-content\/uploads\/2023\/04\/876x822-kernel2021-768x721.jpg 768w, https:\/\/www.sunn.fr\/wp_into_sunn\/wp-content\/uploads\/2023\/04\/876x822-kernel2021-600x563.jpg 600w\" sizes=\"(max-width: 876px) 100vw, 876px\" \/><\/div>\t\t\t\t<div class=\"timeline-item__card-content\">\n\t\t\t\t\t<div class=\"timeline-item__meta\"><div class=\"timeline-item__meta-content\">2021<\/div><\/div><h5 class=\"timeline-item__card-title\">Kern EL<\/h5><div class=\"timeline-item__card-desc\">Sunn positions itself on the electric enduro segment with Kern EL, the electric version of our enduro platform. It comes in three different models: Finest, S1 and S2.<\/div>\t\t\t\t<\/div>\n\t\t\t\t\t\t<\/div>\n\t\t<div class=\"timeline-item__card-arrow\"><\/div>\n\t<\/div>\n\t<div class=\"timeline-item__point\"><div class=\"timeline-item__point-content timeline-item__point-content--icon\"><span class=\"jet-elements-icon\"><i aria-hidden=\"true\" class=\"fas fa-calendar-alt\"><\/i><\/span><\/div><\/div><div class=\"timeline-item__meta\"><div class=\"timeline-item__meta-content\">2021<\/div><\/div><\/div><div class=\"jet-timeline-item  elementor-repeater-item-b121548 jet-timeline-item--image-inside\">\n\t<div class=\"timeline-item__card\">\n\t\t<div class=\"timeline-item__card-inner\">\n\t\t\t\t<div class=\"timeline-item__card-img\"><img width=\"876\" height=\"822\" src=\"https:\/\/www.sunn.fr\/wp_into_sunn\/wp-content\/uploads\/2023\/04\/876x822-urbain2021.jpg\" class=\"attachment-full size-full\" alt=\"\" loading=\"lazy\" srcset=\"https:\/\/www.sunn.fr\/wp_into_sunn\/wp-content\/uploads\/2023\/04\/876x822-urbain2021.jpg 876w, https:\/\/www.sunn.fr\/wp_into_sunn\/wp-content\/uploads\/2023\/04\/876x822-urbain2021-300x282.jpg 300w, https:\/\/www.sunn.fr\/wp_into_sunn\/wp-content\/uploads\/2023\/04\/876x822-urbain2021-768x721.jpg 768w, https:\/\/www.sunn.fr\/wp_into_sunn\/wp-content\/uploads\/2023\/04\/876x822-urbain2021-600x563.jpg 600w\" sizes=\"(max-width: 876px) 100vw, 876px\" \/><\/div>\t\t\t\t<div class=\"timeline-item__card-content\">\n\t\t\t\t\t<div class=\"timeline-item__meta\"><div class=\"timeline-item__meta-content\">2021<\/div><\/div><h5 class=\"timeline-item__card-title\">Urban<\/h5><div class=\"timeline-item__card-desc\">Sunn launches the Urb line of city-centric electric bikes. The Urb range includes five models, all of them fitted with Bosch drive units. <\/div>\t\t\t\t<\/div>\n\t\t\t\t\t\t<\/div>\n\t\t<div class=\"timeline-item__card-arrow\"><\/div>\n\t<\/div>\n\t<div class=\"timeline-item__point\"><div class=\"timeline-item__point-content timeline-item__point-content--icon\"><span class=\"jet-elements-icon\"><i aria-hidden=\"true\" class=\"fas fa-calendar-alt\"><\/i><\/span><\/div><\/div><div class=\"timeline-item__meta\"><div class=\"timeline-item__meta-content\">2021<\/div><\/div><\/div><div class=\"jet-timeline-item  elementor-repeater-item-986b4f7 jet-timeline-item--image-inside\">\n\t<div class=\"timeline-item__card\">\n\t\t<div class=\"timeline-item__card-inner\">\n\t\t\t\t<div class=\"timeline-item__card-img\"><img width=\"876\" height=\"822\" src=\"https:\/\/www.sunn.fr\/wp_into_sunn\/wp-content\/uploads\/2023\/04\/876x822-theo2020.jpg\" class=\"attachment-full size-full\" alt=\"\" loading=\"lazy\" srcset=\"https:\/\/www.sunn.fr\/wp_into_sunn\/wp-content\/uploads\/2023\/04\/876x822-theo2020.jpg 876w, https:\/\/www.sunn.fr\/wp_into_sunn\/wp-content\/uploads\/2023\/04\/876x822-theo2020-300x282.jpg 300w, https:\/\/www.sunn.fr\/wp_into_sunn\/wp-content\/uploads\/2023\/04\/876x822-theo2020-768x721.jpg 768w, https:\/\/www.sunn.fr\/wp_into_sunn\/wp-content\/uploads\/2023\/04\/876x822-theo2020-600x563.jpg 600w\" sizes=\"(max-width: 876px) 100vw, 876px\" \/><\/div>\t\t\t\t<div class=\"timeline-item__card-content\">\n\t\t\t\t\t<div class=\"timeline-item__meta\"><div class=\"timeline-item__meta-content\">2020<\/div><\/div><h5 class=\"timeline-item__card-title\">Th\u00e9o Galy, French Enduro National Champion<\/h5><div class=\"timeline-item__card-desc\">Th\u00e9o Galy becomes the French Enduro National Champion, winning the title in Loudenvielle with three victories in six stages! Congratulations to him and congratulations to Kevin Miquel who took 7th place and continues to be 100% involved in the team\u2019s outstanding results! \ud83d\udcf7 A.D photographie<\/div>\t\t\t\t<\/div>\n\t\t\t\t\t\t<\/div>\n\t\t<div class=\"timeline-item__card-arrow\"><\/div>\n\t<\/div>\n\t<div class=\"timeline-item__point\"><div class=\"timeline-item__point-content timeline-item__point-content--icon\"><span class=\"jet-elements-icon\"><i aria-hidden=\"true\" class=\"fas fa-calendar-alt\"><\/i><\/span><\/div><\/div><div class=\"timeline-item__meta\"><div class=\"timeline-item__meta-content\">2020<\/div><\/div><\/div><div class=\"jet-timeline-item  elementor-repeater-item-860141e jet-timeline-item--image-inside\">\n\t<div class=\"timeline-item__card\">\n\t\t<div class=\"timeline-item__card-inner\">\n\t\t\t\t<div class=\"timeline-item__card-img\"><img src=\"https:\/\/www.sunn.fr\/wp_into_sunn\/wp-content\/uploads\/2020\/09\/2020_Shamann_TR.jpg\" title=\"\" alt=\"\" \/><\/div>\t\t\t\t<div class=\"timeline-item__card-content\">\n\t\t\t\t\t<div class=\"timeline-item__meta\"><div class=\"timeline-item__meta-content\">2020<\/div><\/div><h5 class=\"timeline-item__card-title\">Shamann TR<\/h5><div class=\"timeline-item__card-desc\">Our Shamann XC comes out with a trail version, Shamann TR. This bike offers a less typical XC position than the Shamann, along with a little more travel for even more fun behind the handlebars.<\/div>\t\t\t\t<\/div>\n\t\t\t\t\t\t<\/div>\n\t\t<div class=\"timeline-item__card-arrow\"><\/div>\n\t<\/div>\n\t<div class=\"timeline-item__point\"><div class=\"timeline-item__point-content timeline-item__point-content--icon\"><span class=\"jet-elements-icon\"><i aria-hidden=\"true\" class=\"fas fa-calendar-alt\"><\/i><\/span><\/div><\/div><div class=\"timeline-item__meta\"><div class=\"timeline-item__meta-content\">2020<\/div><\/div><\/div><div class=\"jet-timeline-item  elementor-repeater-item-f43678a jet-timeline-item--image-inside\">\n\t<div class=\"timeline-item__card\">\n\t\t<div class=\"timeline-item__card-inner\">\n\t\t\t\t<div class=\"timeline-item__card-img\"><img src=\"https:\/\/www.sunn.fr\/wp_into_sunn\/wp-content\/uploads\/2020\/09\/ND-20200202-034410-225181.jpg\" title=\"\" alt=\"\" \/><\/div>\t\t\t\t<div class=\"timeline-item__card-content\">\n\t\t\t\t\t<div class=\"timeline-item__meta\"><div class=\"timeline-item__meta-content\">2019<\/div><\/div><h5 class=\"timeline-item__card-title\">Manon Valentino, French BMX champion\u2026 again!<\/h5><div class=\"timeline-item__card-desc\">Manon Valentino, the winner of two legs of this year\u2019s World Cup and a Sunn team member, holds onto her title as BMX Elite Women Champion of France. \u201cI\u2019m always so happy to have the French colours on my jerseys. I know I\u2019ll be able to wear them for another season, which is just incredible to me. Plus, I held onto the title for the second time in my career. I\u2019m really delighted, just like I\u2019m pleased with the great finish that all the girls fought for, especially Axelle and me in the final metres of the Championship. She never let up before hitting the finish line, and neither did I.\u201d <\/div>\t\t\t\t<\/div>\n\t\t\t\t\t\t<\/div>\n\t\t<div class=\"timeline-item__card-arrow\"><\/div>\n\t<\/div>\n\t<div class=\"timeline-item__point\"><div class=\"timeline-item__point-content timeline-item__point-content--icon\"><span class=\"jet-elements-icon\"><i aria-hidden=\"true\" class=\"fas fa-calendar-alt\"><\/i><\/span><\/div><\/div><div class=\"timeline-item__meta\"><div class=\"timeline-item__meta-content\">2019<\/div><\/div><\/div><div class=\"jet-timeline-item  elementor-repeater-item-530f1a0 jet-timeline-item--image-inside\">\n\t<div class=\"timeline-item__card\">\n\t\t<div class=\"timeline-item__card-inner\">\n\t\t\t\t<div class=\"timeline-item__card-img\"><img src=\"https:\/\/www.sunn.fr\/wp_into_sunn\/wp-content\/uploads\/2020\/09\/EWS8-1.jpg\" title=\"\" alt=\"\" \/><\/div>\t\t\t\t<div class=\"timeline-item__card-content\">\n\t\t\t\t\t<div class=\"timeline-item__meta\"><div class=\"timeline-item__meta-content\">2019<\/div><\/div><h5 class=\"timeline-item__card-title\">K\u00e9vin Miquel, EWS Bronze Medallist<\/h5><div class=\"timeline-item__card-desc\">Sport is a wonderful thing! K\u00e9vin Miquel was amazingly steady throughout the season, which he finished on the podium, in third place overall at the Enduro World Series. What a dream year for K\u00e9vin! <\/div>\t\t\t\t<\/div>\n\t\t\t\t\t\t<\/div>\n\t\t<div class=\"timeline-item__card-arrow\"><\/div>\n\t<\/div>\n\t<div class=\"timeline-item__point\"><div class=\"timeline-item__point-content timeline-item__point-content--icon\"><span class=\"jet-elements-icon\"><i aria-hidden=\"true\" class=\"fas fa-calendar-alt\"><\/i><\/span><\/div><\/div><div class=\"timeline-item__meta\"><div class=\"timeline-item__meta-content\">2019<\/div><\/div><\/div><div class=\"jet-timeline-item  elementor-repeater-item-7a8b458 jet-timeline-item--image-inside\">\n\t<div class=\"timeline-item__card\">\n\t\t<div class=\"timeline-item__card-inner\">\n\t\t\t\t<div class=\"timeline-item__card-img\"><img src=\"https:\/\/www.sunn.fr\/wp_into_sunn\/wp-content\/uploads\/2020\/09\/90photo.png\" title=\"\" alt=\"\" \/><\/div>\t\t\t\t<div class=\"timeline-item__card-content\">\n\t\t\t\t\t<div class=\"timeline-item__meta\"><div class=\"timeline-item__meta-content\">2019<\/div><\/div><h5 class=\"timeline-item__card-title\">Kern EN 29 CB Factory<\/h5><div class=\"timeline-item__card-desc\">Release of the Kern EN 29 CB Factory enduro bike as part of a collector series!<\/div>\t\t\t\t<\/div>\n\t\t\t\t\t\t<\/div>\n\t\t<div class=\"timeline-item__card-arrow\"><\/div>\n\t<\/div>\n\t<div class=\"timeline-item__point\"><div class=\"timeline-item__point-content timeline-item__point-content--icon\"><span class=\"jet-elements-icon\"><i aria-hidden=\"true\" class=\"fas fa-calendar-alt\"><\/i><\/span><\/div><\/div><div class=\"timeline-item__meta\"><div class=\"timeline-item__meta-content\">2019<\/div><\/div><\/div><div class=\"jet-timeline-item  elementor-repeater-item-91c7f57 jet-timeline-item--image-inside\">\n\t<div class=\"timeline-item__card\">\n\t\t<div class=\"timeline-item__card-inner\">\n\t\t\t\t<div class=\"timeline-item__card-img\"><img src=\"https:\/\/www.sunn.fr\/wp_into_sunn\/wp-content\/uploads\/2020\/09\/88photo.png\" title=\"\" alt=\"\" \/><\/div>\t\t\t\t<div class=\"timeline-item__card-content\">\n\t\t\t\t\t<div class=\"timeline-item__meta\"><div class=\"timeline-item__meta-content\">2018<\/div><\/div><h5 class=\"timeline-item__card-title\">Manon Valentino, French BMX champion<\/h5><div class=\"timeline-item__card-desc\">Manon Valentino, a Sunn BMX Factory Team rider, is the French champion for the second year in a row!<\/div>\t\t\t\t<\/div>\n\t\t\t\t\t\t<\/div>\n\t\t<div class=\"timeline-item__card-arrow\"><\/div>\n\t<\/div>\n\t<div class=\"timeline-item__point\"><div class=\"timeline-item__point-content timeline-item__point-content--icon\"><span class=\"jet-elements-icon\"><i aria-hidden=\"true\" class=\"fas fa-calendar-alt\"><\/i><\/span><\/div><\/div><div class=\"timeline-item__meta\"><div class=\"timeline-item__meta-content\">2018<\/div><\/div><\/div><div class=\"jet-timeline-item  elementor-repeater-item-191db47 jet-timeline-item--image-inside\">\n\t<div class=\"timeline-item__card\">\n\t\t<div class=\"timeline-item__card-inner\">\n\t\t\t\t<div class=\"timeline-item__card-img\"><img src=\"https:\/\/www.sunn.fr\/wp_into_sunn\/wp-content\/uploads\/2020\/09\/37photo.png\" title=\"\" alt=\"\" \/><\/div>\t\t\t\t<div class=\"timeline-item__card-content\">\n\t\t\t\t\t<div class=\"timeline-item__meta\"><div class=\"timeline-item__meta-content\">2018<\/div><\/div><h5 class=\"timeline-item__card-title\">Joshua Dubau, European and French XCO U23 Champion<\/h5><div class=\"timeline-item__card-desc\">After a thrilling season, Joshua Dubau (Sunn XCO Factory Team) ended at the top of the podium with the title of European XCO Juniors Champion, a win that followed on the heels of his French XCO U23 Championship victory. Well done, Joshua!<\/div>\t\t\t\t<\/div>\n\t\t\t\t\t\t<\/div>\n\t\t<div class=\"timeline-item__card-arrow\"><\/div>\n\t<\/div>\n\t<div class=\"timeline-item__point\"><div class=\"timeline-item__point-content timeline-item__point-content--icon\"><span class=\"jet-elements-icon\"><i aria-hidden=\"true\" class=\"fas fa-calendar-alt\"><\/i><\/span><\/div><\/div><div class=\"timeline-item__meta\"><div class=\"timeline-item__meta-content\">2018<\/div><\/div><\/div><div class=\"jet-timeline-item  elementor-repeater-item-aa0cac2 jet-timeline-item--image-inside\">\n\t<div class=\"timeline-item__card\">\n\t\t<div class=\"timeline-item__card-inner\">\n\t\t\t\t<div class=\"timeline-item__card-img\"><img src=\"https:\/\/www.sunn.fr\/wp_into_sunn\/wp-content\/uploads\/2020\/09\/89photo.png\" title=\"\" alt=\"\" \/><\/div>\t\t\t\t<div class=\"timeline-item__card-content\">\n\t\t\t\t\t<div class=\"timeline-item__meta\"><div class=\"timeline-item__meta-content\">2018<\/div><\/div><h5 class=\"timeline-item__card-title\">Release of Prim<\/h5><div class=\"timeline-item__card-desc\">Release of the Prim cross-country range in three versions: Finest, S1 and S2.<\/div>\t\t\t\t<\/div>\n\t\t\t\t\t\t<\/div>\n\t\t<div class=\"timeline-item__card-arrow\"><\/div>\n\t<\/div>\n\t<div class=\"timeline-item__point\"><div class=\"timeline-item__point-content timeline-item__point-content--icon\"><span class=\"jet-elements-icon\"><i aria-hidden=\"true\" class=\"fas fa-calendar-alt\"><\/i><\/span><\/div><\/div><div class=\"timeline-item__meta\"><div class=\"timeline-item__meta-content\">2018<\/div><\/div><\/div><div class=\"jet-timeline-item  elementor-repeater-item-db2ad8e jet-timeline-item--image-inside\">\n\t<div class=\"timeline-item__card\">\n\t\t<div class=\"timeline-item__card-inner\">\n\t\t\t\t<div class=\"timeline-item__card-img\"><img src=\"https:\/\/www.sunn.fr\/wp_into_sunn\/wp-content\/uploads\/2020\/09\/35photo.png\" title=\"\" alt=\"\" \/><\/div>\t\t\t\t<div class=\"timeline-item__card-content\">\n\t\t\t\t\t<div class=\"timeline-item__meta\"><div class=\"timeline-item__meta-content\">2017<\/div><\/div><h5 class=\"timeline-item__card-title\">New Sunn XCO Team<\/h5><div class=\"timeline-item__card-desc\">The Dubau family will be participating in every leg of the World Cup. While their primary objective is to become a permanent fixture in the World Cup\u2019s top 10 finishers, they won\u2019t be neglecting the rankings of the prestigious French Cup. GO RIDE!<\/div>\t\t\t\t<\/div>\n\t\t\t\t\t\t<\/div>\n\t\t<div class=\"timeline-item__card-arrow\"><\/div>\n\t<\/div>\n\t<div class=\"timeline-item__point\"><div class=\"timeline-item__point-content timeline-item__point-content--icon\"><span class=\"jet-elements-icon\"><i aria-hidden=\"true\" class=\"fas fa-calendar-alt\"><\/i><\/span><\/div><\/div><div class=\"timeline-item__meta\"><div class=\"timeline-item__meta-content\">2017<\/div><\/div><\/div><div class=\"jet-timeline-item  elementor-repeater-item-cd22658 jet-timeline-item--image-inside\">\n\t<div class=\"timeline-item__card\">\n\t\t<div class=\"timeline-item__card-inner\">\n\t\t\t\t<div class=\"timeline-item__card-img\"><img src=\"https:\/\/www.sunn.fr\/wp_into_sunn\/wp-content\/uploads\/2020\/09\/33photo.png\" title=\"\" alt=\"\" \/><\/div>\t\t\t\t<div class=\"timeline-item__card-content\">\n\t\t\t\t\t<div class=\"timeline-item__meta\"><div class=\"timeline-item__meta-content\">2017<\/div><\/div><h5 class=\"timeline-item__card-title\">Isabeau Courdurier, EWS Silver Medallist for the second time<\/h5><div class=\"timeline-item__card-desc\">At the Finale Ligure, Isabeau Courdurier was under pressure from Katy Winton, who had exactly the same number of points as her in the overall rankings. To end the season in second place, the math was simple: she needed to finish ahead of Katy. Which is precisely what Isabeau did, earning her second silver medal with panache by winning the last Special Stage. And so, she came out as World Enduro Vice-champion for the second time.<\/div>\t\t\t\t<\/div>\n\t\t\t\t\t\t<\/div>\n\t\t<div class=\"timeline-item__card-arrow\"><\/div>\n\t<\/div>\n\t<div class=\"timeline-item__point\"><div class=\"timeline-item__point-content timeline-item__point-content--icon\"><span class=\"jet-elements-icon\"><i aria-hidden=\"true\" class=\"fas fa-calendar-alt\"><\/i><\/span><\/div><\/div><div class=\"timeline-item__meta\"><div class=\"timeline-item__meta-content\">2017<\/div><\/div><\/div><div class=\"jet-timeline-item  elementor-repeater-item-1ebf46d jet-timeline-item--image-inside\">\n\t<div class=\"timeline-item__card\">\n\t\t<div class=\"timeline-item__card-inner\">\n\t\t\t\t<div class=\"timeline-item__card-img\"><img src=\"https:\/\/www.sunn.fr\/wp_into_sunn\/wp-content\/uploads\/2020\/09\/33photo.png\" title=\"\" alt=\"\" \/><\/div>\t\t\t\t<div class=\"timeline-item__card-content\">\n\t\t\t\t\t<div class=\"timeline-item__meta\"><div class=\"timeline-item__meta-content\">2016<\/div><\/div><h5 class=\"timeline-item__card-title\">Sunn on the winners\u2019 podium again<\/h5><div class=\"timeline-item__card-desc\">The Sunn BMX and Enduro Teams continue to stand out in competitions by earning many a podium finish, including Isabeau Courdurier as Enduro World Series Silver Medallist.<\/div>\t\t\t\t<\/div>\n\t\t\t\t\t\t<\/div>\n\t\t<div class=\"timeline-item__card-arrow\"><\/div>\n\t<\/div>\n\t<div class=\"timeline-item__point\"><div class=\"timeline-item__point-content timeline-item__point-content--icon\"><span class=\"jet-elements-icon\"><i aria-hidden=\"true\" class=\"fas fa-calendar-alt\"><\/i><\/span><\/div><\/div><div class=\"timeline-item__meta\"><div class=\"timeline-item__meta-content\">2016<\/div><\/div><\/div><div class=\"jet-timeline-item  elementor-repeater-item-941fa03 jet-timeline-item--image-inside\">\n\t<div class=\"timeline-item__card\">\n\t\t<div class=\"timeline-item__card-inner\">\n\t\t\t\t<div class=\"timeline-item__card-img\"><img src=\"https:\/\/www.sunn.fr\/wp_into_sunn\/wp-content\/uploads\/2020\/09\/34photo.png\" title=\"\" alt=\"\" \/><\/div>\t\t\t\t<div class=\"timeline-item__card-content\">\n\t\t\t\t\t<div class=\"timeline-item__meta\"><div class=\"timeline-item__meta-content\">2016<\/div><\/div><h5 class=\"timeline-item__card-title\">Presentation of the Sunn MY2017 range at Roc d\u2019Azur<\/h5>\t\t\t\t<\/div>\n\t\t\t\t\t\t<\/div>\n\t\t<div class=\"timeline-item__card-arrow\"><\/div>\n\t<\/div>\n\t<div class=\"timeline-item__point\"><div class=\"timeline-item__point-content timeline-item__point-content--icon\"><span class=\"jet-elements-icon\"><i aria-hidden=\"true\" class=\"fas fa-calendar-alt\"><\/i><\/span><\/div><\/div><div class=\"timeline-item__meta\"><div class=\"timeline-item__meta-content\">2016<\/div><\/div><\/div><div class=\"jet-timeline-item  elementor-repeater-item-abe8491 jet-timeline-item--image-inside\">\n\t<div class=\"timeline-item__card\">\n\t\t<div class=\"timeline-item__card-inner\">\n\t\t\t\t<div class=\"timeline-item__card-img\"><img src=\"https:\/\/www.sunn.fr\/wp_into_sunn\/wp-content\/uploads\/2020\/09\/32photo.png\" title=\"\" alt=\"\" \/><\/div>\t\t\t\t<div class=\"timeline-item__card-content\">\n\t\t\t\t\t<div class=\"timeline-item__meta\"><div class=\"timeline-item__meta-content\">2015<\/div><\/div><h5 class=\"timeline-item__card-title\">Presentation of the new Sunn MY2016 range<\/h5>\t\t\t\t<\/div>\n\t\t\t\t\t\t<\/div>\n\t\t<div class=\"timeline-item__card-arrow\"><\/div>\n\t<\/div>\n\t<div class=\"timeline-item__point\"><div class=\"timeline-item__point-content timeline-item__point-content--icon\"><span class=\"jet-elements-icon\"><i aria-hidden=\"true\" class=\"fas fa-calendar-alt\"><\/i><\/span><\/div><\/div><div class=\"timeline-item__meta\"><div class=\"timeline-item__meta-content\">2015<\/div><\/div><\/div><div class=\"jet-timeline-item  elementor-repeater-item-1ccb290 jet-timeline-item--image-inside\">\n\t<div class=\"timeline-item__card\">\n\t\t<div class=\"timeline-item__card-inner\">\n\t\t\t\t<div class=\"timeline-item__card-img\"><img src=\"https:\/\/www.sunn.fr\/wp_into_sunn\/wp-content\/uploads\/2020\/09\/31photo.png\" title=\"\" alt=\"\" \/><\/div>\t\t\t\t<div class=\"timeline-item__card-content\">\n\t\t\t\t\t<div class=\"timeline-item__meta\"><div class=\"timeline-item__meta-content\">2014<\/div><\/div><h5 class=\"timeline-item__card-title\">Surprise<\/h5><div class=\"timeline-item__card-desc\">9 October 2014: Presentation of the Sunn Concept Bike at Roc d\u2019Azur 2014.<\/div>\t\t\t\t<\/div>\n\t\t\t\t\t\t<\/div>\n\t\t<div class=\"timeline-item__card-arrow\"><\/div>\n\t<\/div>\n\t<div class=\"timeline-item__point\"><div class=\"timeline-item__point-content timeline-item__point-content--icon\"><span class=\"jet-elements-icon\"><i aria-hidden=\"true\" class=\"fas fa-calendar-alt\"><\/i><\/span><\/div><\/div><div class=\"timeline-item__meta\"><div class=\"timeline-item__meta-content\">2014<\/div><\/div><\/div><div class=\"jet-timeline-item  elementor-repeater-item-df8aff8 jet-timeline-item--image-inside\">\n\t<div class=\"timeline-item__card\">\n\t\t<div class=\"timeline-item__card-inner\">\n\t\t\t\t<div class=\"timeline-item__card-img\"><img src=\"https:\/\/www.sunn.fr\/wp_into_sunn\/wp-content\/uploads\/2020\/09\/30photo.png\" title=\"\" alt=\"\" \/><\/div>\t\t\t\t<div class=\"timeline-item__card-content\">\n\t\t\t\t\t<div class=\"timeline-item__meta\"><div class=\"timeline-item__meta-content\">2013<\/div><\/div><h5 class=\"timeline-item__card-title\">Renewed momentum<\/h5><div class=\"timeline-item__card-desc\">Sunn is acquired by MFC (Manufacture Fran\u00e7aise du Cycle, based in Machecoul, France).<\/div>\t\t\t\t<\/div>\n\t\t\t\t\t\t<\/div>\n\t\t<div class=\"timeline-item__card-arrow\"><\/div>\n\t<\/div>\n\t<div class=\"timeline-item__point\"><div class=\"timeline-item__point-content timeline-item__point-content--icon\"><span class=\"jet-elements-icon\"><i aria-hidden=\"true\" class=\"fas fa-calendar-alt\"><\/i><\/span><\/div><\/div><div class=\"timeline-item__meta\"><div class=\"timeline-item__meta-content\">2013<\/div><\/div><\/div><div class=\"jet-timeline-item  elementor-repeater-item-9ed573c jet-timeline-item--image-inside\">\n\t<div class=\"timeline-item__card\">\n\t\t<div class=\"timeline-item__card-inner\">\n\t\t\t\t<div class=\"timeline-item__card-img\"><img src=\"https:\/\/www.sunn.fr\/wp_into_sunn\/wp-content\/uploads\/2020\/09\/29photo.png\" title=\"\" alt=\"\" \/><\/div>\t\t\t\t<div class=\"timeline-item__card-content\">\n\t\t\t\t\t<div class=\"timeline-item__meta\"><div class=\"timeline-item__meta-content\">2008<\/div><\/div><h5 class=\"timeline-item__card-title\">New distributions<\/h5><div class=\"timeline-item__card-desc\">Releases of the Tzar, Shamann, Kern and Modular bikes.<\/div>\t\t\t\t<\/div>\n\t\t\t\t\t\t<\/div>\n\t\t<div class=\"timeline-item__card-arrow\"><\/div>\n\t<\/div>\n\t<div class=\"timeline-item__point\"><div class=\"timeline-item__point-content timeline-item__point-content--icon\"><span class=\"jet-elements-icon\"><i aria-hidden=\"true\" class=\"fas fa-calendar-alt\"><\/i><\/span><\/div><\/div><div class=\"timeline-item__meta\"><div class=\"timeline-item__meta-content\">2008<\/div><\/div><\/div><div class=\"jet-timeline-item  elementor-repeater-item-4b46300 jet-timeline-item--image-inside\">\n\t<div class=\"timeline-item__card\">\n\t\t<div class=\"timeline-item__card-inner\">\n\t\t\t\t<div class=\"timeline-item__card-img\"><img src=\"https:\/\/www.sunn.fr\/wp_into_sunn\/wp-content\/uploads\/2020\/09\/28photo.png\" title=\"\" alt=\"\" \/><\/div>\t\t\t\t<div class=\"timeline-item__card-content\">\n\t\t\t\t\t<div class=\"timeline-item__meta\"><div class=\"timeline-item__meta-content\">2007<\/div><\/div><h5 class=\"timeline-item__card-title\">The year of Kern Exo and LT Evo<\/h5><div class=\"timeline-item__card-desc\">Kern Exo was named mountain bike of the year, and Kern LT Evo, enduro bike of the year. The results of the Sunn Rider\u2019s Society Team also helped to re-establish the brand as a leader in the field.<\/div>\t\t\t\t<\/div>\n\t\t\t\t\t\t<\/div>\n\t\t<div class=\"timeline-item__card-arrow\"><\/div>\n\t<\/div>\n\t<div class=\"timeline-item__point\"><div class=\"timeline-item__point-content timeline-item__point-content--icon\"><span class=\"jet-elements-icon\"><i aria-hidden=\"true\" class=\"fas fa-calendar-alt\"><\/i><\/span><\/div><\/div><div class=\"timeline-item__meta\"><div class=\"timeline-item__meta-content\">2007<\/div><\/div><\/div><div class=\"jet-timeline-item  elementor-repeater-item-98e0f75 jet-timeline-item--image-inside\">\n\t<div class=\"timeline-item__card\">\n\t\t<div class=\"timeline-item__card-inner\">\n\t\t\t\t<div class=\"timeline-item__card-img\"><img src=\"https:\/\/www.sunn.fr\/wp_into_sunn\/wp-content\/uploads\/2020\/09\/27photo.png\" title=\"\" alt=\"\" \/><\/div>\t\t\t\t<div class=\"timeline-item__card-content\">\n\t\t\t\t\t<div class=\"timeline-item__meta\"><div class=\"timeline-item__meta-content\">2005<\/div><\/div><h5 class=\"timeline-item__card-title\">Comeback<\/h5><div class=\"timeline-item__card-desc\">Release of a new range symbolising the brand\u2019s comeback. Three new models dedicated to new disciplines, like the Drac with its chromoly frame for street\/dirt biking and the Forest Jump. This year marks the return of the Radical and the arrival of the Kern and Kern LT.<\/div>\t\t\t\t<\/div>\n\t\t\t\t\t\t<\/div>\n\t\t<div class=\"timeline-item__card-arrow\"><\/div>\n\t<\/div>\n\t<div class=\"timeline-item__point\"><div class=\"timeline-item__point-content timeline-item__point-content--icon\"><span class=\"jet-elements-icon\"><i aria-hidden=\"true\" class=\"fas fa-calendar-alt\"><\/i><\/span><\/div><\/div><div class=\"timeline-item__meta\"><div class=\"timeline-item__meta-content\">2005<\/div><\/div><\/div><div class=\"jet-timeline-item  elementor-repeater-item-2aeaa0e jet-timeline-item--image-inside\">\n\t<div class=\"timeline-item__card\">\n\t\t<div class=\"timeline-item__card-inner\">\n\t\t\t\t<div class=\"timeline-item__card-img\"><img src=\"https:\/\/www.sunn.fr\/wp_into_sunn\/wp-content\/uploads\/2020\/09\/26photo.png\" title=\"\" alt=\"\" \/><\/div>\t\t\t\t<div class=\"timeline-item__card-content\">\n\t\t\t\t\t<div class=\"timeline-item__meta\"><div class=\"timeline-item__meta-content\">2003<\/div><\/div><h5 class=\"timeline-item__card-title\">Reorganisation<\/h5><div class=\"timeline-item__card-desc\">Sunn\u2019s problems force its shareholders to initiate liquidation proceedings. Patrick Tangui, an entrepreneur from Toulouse, purchases the name and attempts to revive it. Unfortunately, he would not be successful in that endeavour and would find himself compelled to give up the company in 2012.<\/div>\t\t\t\t<\/div>\n\t\t\t\t\t\t<\/div>\n\t\t<div class=\"timeline-item__card-arrow\"><\/div>\n\t<\/div>\n\t<div class=\"timeline-item__point\"><div class=\"timeline-item__point-content timeline-item__point-content--icon\"><span class=\"jet-elements-icon\"><i aria-hidden=\"true\" class=\"fas fa-calendar-alt\"><\/i><\/span><\/div><\/div><div class=\"timeline-item__meta\"><div class=\"timeline-item__meta-content\">2003<\/div><\/div><\/div><div class=\"jet-timeline-item  elementor-repeater-item-18fcc80 jet-timeline-item--image-inside\">\n\t<div class=\"timeline-item__card\">\n\t\t<div class=\"timeline-item__card-inner\">\n\t\t\t\t<div class=\"timeline-item__card-img\"><img src=\"https:\/\/www.sunn.fr\/wp_into_sunn\/wp-content\/uploads\/2020\/09\/25photo.png\" title=\"\" alt=\"\" \/><\/div>\t\t\t\t<div class=\"timeline-item__card-content\">\n\t\t\t\t\t<div class=\"timeline-item__meta\"><div class=\"timeline-item__meta-content\">1999<\/div><\/div><h5 class=\"timeline-item__card-title\">A comprehensive range<\/h5><div class=\"timeline-item__card-desc\">In 2000-2001: Release of a mudguard built into the diagonal tube, which would become a sort of trademark, especially for cross-country MTBs. Release of the Revolt 2003. Sunn has more than 40 models of bicycles of all kinds: racing, road, BMX, MTB and beach.<\/div>\t\t\t\t<\/div>\n\t\t\t\t\t\t<\/div>\n\t\t<div class=\"timeline-item__card-arrow\"><\/div>\n\t<\/div>\n\t<div class=\"timeline-item__point\"><div class=\"timeline-item__point-content timeline-item__point-content--icon\"><span class=\"jet-elements-icon\"><i aria-hidden=\"true\" class=\"fas fa-calendar-alt\"><\/i><\/span><\/div><\/div><div class=\"timeline-item__meta\"><div class=\"timeline-item__meta-content\">1999<\/div><\/div><\/div><div class=\"jet-timeline-item  elementor-repeater-item-6155f5d jet-timeline-item--image-inside\">\n\t<div class=\"timeline-item__card\">\n\t\t<div class=\"timeline-item__card-inner\">\n\t\t\t\t<div class=\"timeline-item__card-img\"><img src=\"https:\/\/www.sunn.fr\/wp_into_sunn\/wp-content\/uploads\/2020\/09\/23photo.png\" title=\"\" alt=\"\" \/><\/div>\t\t\t\t<div class=\"timeline-item__card-content\">\n\t\t\t\t\t<div class=\"timeline-item__meta\"><div class=\"timeline-item__meta-content\">1998<\/div><\/div><h5 class=\"timeline-item__card-title\">Sunn is the World Champion in Downhill MTB for the second year in a row<\/h5><div class=\"timeline-item__card-desc\">Christophe Dupouey takes the gold for cross-country in the World Championships, as does Miguel Martinez in the Juniors category.<\/div>\t\t\t\t<\/div>\n\t\t\t\t\t\t<\/div>\n\t\t<div class=\"timeline-item__card-arrow\"><\/div>\n\t<\/div>\n\t<div class=\"timeline-item__point\"><div class=\"timeline-item__point-content timeline-item__point-content--icon\"><span class=\"jet-elements-icon\"><i aria-hidden=\"true\" class=\"fas fa-calendar-alt\"><\/i><\/span><\/div><\/div><div class=\"timeline-item__meta\"><div class=\"timeline-item__meta-content\">1998<\/div><\/div><\/div><div class=\"jet-timeline-item  elementor-repeater-item-f2bdcd8 jet-timeline-item--image-inside\">\n\t<div class=\"timeline-item__card\">\n\t\t<div class=\"timeline-item__card-inner\">\n\t\t\t\t<div class=\"timeline-item__card-img\"><img src=\"https:\/\/www.sunn.fr\/wp_into_sunn\/wp-content\/uploads\/2020\/09\/24photo.png\" title=\"\" alt=\"\" \/><\/div>\t\t\t\t<div class=\"timeline-item__card-content\">\n\t\t\t\t\t<div class=\"timeline-item__meta\"><div class=\"timeline-item__meta-content\">1998<\/div><\/div><h5 class=\"timeline-item__card-title\">A third downhill title!<\/h5><div class=\"timeline-item__card-desc\">Appearance of the 1999 El Palomino. Sunn is the World Champion in Downhill MTB for the third year in a row.<\/div>\t\t\t\t<\/div>\n\t\t\t\t\t\t<\/div>\n\t\t<div class=\"timeline-item__card-arrow\"><\/div>\n\t<\/div>\n\t<div class=\"timeline-item__point\"><div class=\"timeline-item__point-content timeline-item__point-content--icon\"><span class=\"jet-elements-icon\"><i aria-hidden=\"true\" class=\"fas fa-calendar-alt\"><\/i><\/span><\/div><\/div><div class=\"timeline-item__meta\"><div class=\"timeline-item__meta-content\">1998<\/div><\/div><\/div><div class=\"jet-timeline-item  elementor-repeater-item-ca6ba4f jet-timeline-item--image-inside\">\n\t<div class=\"timeline-item__card\">\n\t\t<div class=\"timeline-item__card-inner\">\n\t\t\t\t\t\t\t\t<div class=\"timeline-item__card-content\">\n\t\t\t\t\t<div class=\"timeline-item__meta\"><div class=\"timeline-item__meta-content\">1998<\/div><\/div><h5 class=\"timeline-item__card-title\">Farewell, Max\u2026<\/h5><div class=\"timeline-item__card-desc\">Max Commen\u00e7al leaves the company.<\/div>\t\t\t\t<\/div>\n\t\t\t\t\t\t<\/div>\n\t\t<div class=\"timeline-item__card-arrow\"><\/div>\n\t<\/div>\n\t<div class=\"timeline-item__point\"><div class=\"timeline-item__point-content timeline-item__point-content--icon\"><span class=\"jet-elements-icon\"><i aria-hidden=\"true\" class=\"fas fa-calendar-alt\"><\/i><\/span><\/div><\/div><div class=\"timeline-item__meta\"><div class=\"timeline-item__meta-content\">1998<\/div><\/div><\/div><div class=\"jet-timeline-item  elementor-repeater-item-e713074 jet-timeline-item--image-inside\">\n\t<div class=\"timeline-item__card\">\n\t\t<div class=\"timeline-item__card-inner\">\n\t\t\t\t<div class=\"timeline-item__card-img\"><img src=\"https:\/\/www.sunn.fr\/wp_into_sunn\/wp-content\/uploads\/2020\/09\/21photo.png\" title=\"\" alt=\"\" \/><\/div>\t\t\t\t<div class=\"timeline-item__card-content\">\n\t\t\t\t\t<div class=\"timeline-item__meta\"><div class=\"timeline-item__meta-content\">1997<\/div><\/div><h5 class=\"timeline-item__card-title\">Creation of the Sunn Free Ride Team<\/h5><div class=\"timeline-item__card-desc\">A free ride team is formed with David Lombard and \u201cMad\u201d Fred Danion. Team member Nicolas Vouilloz leads Sunn to multiple victories, winning the World Champion title (Juniors and Elite) more than 10 times. And his collaboration with the teams at Sunn doesn\u2019t end there: he also works with the design centre on new tests and processes to improve the bikes.<\/div>\t\t\t\t<\/div>\n\t\t\t\t\t\t<\/div>\n\t\t<div class=\"timeline-item__card-arrow\"><\/div>\n\t<\/div>\n\t<div class=\"timeline-item__point\"><div class=\"timeline-item__point-content timeline-item__point-content--icon\"><span class=\"jet-elements-icon\"><i aria-hidden=\"true\" class=\"fas fa-calendar-alt\"><\/i><\/span><\/div><\/div><div class=\"timeline-item__meta\"><div class=\"timeline-item__meta-content\">1997<\/div><\/div><\/div><div class=\"jet-timeline-item  elementor-repeater-item-e10fe19 jet-timeline-item--image-inside\">\n\t<div class=\"timeline-item__card\">\n\t\t<div class=\"timeline-item__card-inner\">\n\t\t\t\t<div class=\"timeline-item__card-img\"><img src=\"https:\/\/www.sunn.fr\/wp_into_sunn\/wp-content\/uploads\/2020\/09\/19photo.png\" title=\"\" alt=\"\" \/><\/div>\t\t\t\t<div class=\"timeline-item__card-content\">\n\t\t\t\t\t<div class=\"timeline-item__meta\"><div class=\"timeline-item__meta-content\">1996<\/div><\/div><h5 class=\"timeline-item__card-title\">Eric Barone exceeds 200 km\/h on his Sunn<\/h5><div class=\"timeline-item__card-desc\">Eric Barone becomes the first man to hit 200 km\/h with his Sunn MTB on the speed snow track in Vars, France, a record he would beat at Les Arcs in 1997, when he exceeded 210 km\/h.<\/div>\t\t\t\t<\/div>\n\t\t\t\t\t\t<\/div>\n\t\t<div class=\"timeline-item__card-arrow\"><\/div>\n\t<\/div>\n\t<div class=\"timeline-item__point\"><div class=\"timeline-item__point-content timeline-item__point-content--icon\"><span class=\"jet-elements-icon\"><i aria-hidden=\"true\" class=\"fas fa-calendar-alt\"><\/i><\/span><\/div><\/div><div class=\"timeline-item__meta\"><div class=\"timeline-item__meta-content\">1996<\/div><\/div><\/div><div class=\"jet-timeline-item  elementor-repeater-item-d1e821a jet-timeline-item--image-inside\">\n\t<div class=\"timeline-item__card\">\n\t\t<div class=\"timeline-item__card-inner\">\n\t\t\t\t<div class=\"timeline-item__card-img\"><img src=\"https:\/\/www.sunn.fr\/wp_into_sunn\/wp-content\/uploads\/2020\/09\/20photo.png\" title=\"\" alt=\"\" \/><\/div>\t\t\t\t<div class=\"timeline-item__card-content\">\n\t\t\t\t\t<div class=\"timeline-item__meta\"><div class=\"timeline-item__meta-content\">1996<\/div><\/div><h5 class=\"timeline-item__card-title\">Sunn, the downhill world champion<\/h5><div class=\"timeline-item__card-desc\">The Sunn Team has up to 24 professional riders across all categories. After many wins, Sunn BMX rider Christophe L\u00e9v\u00eaque heads to the US to compete with the best riders in the world, where he will take Sunn\u2019s colours to the top of the podium! Sunn is now sold in the United States. Sunn releases the Riviera, a kit for street and dirt biking. Sunn becomes the World Champion in Downhill MTB. 1996 is also the year of the Teisseire Sunn Cup, the first large-scale summer tour specific to mountain biking, which was a huge success!<\/div>\t\t\t\t<\/div>\n\t\t\t\t\t\t<\/div>\n\t\t<div class=\"timeline-item__card-arrow\"><\/div>\n\t<\/div>\n\t<div class=\"timeline-item__point\"><div class=\"timeline-item__point-content timeline-item__point-content--icon\"><span class=\"jet-elements-icon\"><i aria-hidden=\"true\" class=\"fas fa-calendar-alt\"><\/i><\/span><\/div><\/div><div class=\"timeline-item__meta\"><div class=\"timeline-item__meta-content\">1996<\/div><\/div><\/div><div class=\"jet-timeline-item  elementor-repeater-item-7664908 jet-timeline-item--image-inside\">\n\t<div class=\"timeline-item__card\">\n\t\t<div class=\"timeline-item__card-inner\">\n\t\t\t\t<div class=\"timeline-item__card-img\"><img src=\"https:\/\/www.sunn.fr\/wp_into_sunn\/wp-content\/uploads\/2020\/09\/18photo.png\" title=\"\" alt=\"\" \/><\/div>\t\t\t\t<div class=\"timeline-item__card-content\">\n\t\t\t\t\t<div class=\"timeline-item__meta\"><div class=\"timeline-item__meta-content\">1995<\/div><\/div><h5 class=\"timeline-item__card-title\">The Revolt 2 is named mountain bike of the year and Eric Barone exceeds 200 km\/h on his Sunn<\/h5><div class=\"timeline-item__card-desc\">Release of Sunn\u2019s first full suspension bike, the Xchox. The Revolt 2 is named mountain bike of the year. Release of the BMIX, a BMX bike with 26\u201d wheels. Arrival of the Road range.<\/div>\t\t\t\t<\/div>\n\t\t\t\t\t\t<\/div>\n\t\t<div class=\"timeline-item__card-arrow\"><\/div>\n\t<\/div>\n\t<div class=\"timeline-item__point\"><div class=\"timeline-item__point-content timeline-item__point-content--icon\"><span class=\"jet-elements-icon\"><i aria-hidden=\"true\" class=\"fas fa-calendar-alt\"><\/i><\/span><\/div><\/div><div class=\"timeline-item__meta\"><div class=\"timeline-item__meta-content\">1995<\/div><\/div><\/div><div class=\"jet-timeline-item  elementor-repeater-item-99fdae1 jet-timeline-item--image-inside\">\n\t<div class=\"timeline-item__card\">\n\t\t<div class=\"timeline-item__card-inner\">\n\t\t\t\t<div class=\"timeline-item__card-img\"><img src=\"https:\/\/www.sunn.fr\/wp_into_sunn\/wp-content\/uploads\/2020\/09\/16photo.png\" title=\"\" alt=\"\" \/><\/div>\t\t\t\t<div class=\"timeline-item__card-content\">\n\t\t\t\t\t<div class=\"timeline-item__meta\"><div class=\"timeline-item__meta-content\">1994<\/div><\/div><h5 class=\"timeline-item__card-title\">Second world title for AC Chausson<\/h5><div class=\"timeline-item__card-desc\">Anne-Caroline Chausson holds onto her juniors world title, the second in a long series, as she would remain the undefeated world champion through the end of her career with Sunn in 1998.<\/div>\t\t\t\t<\/div>\n\t\t\t\t\t\t<\/div>\n\t\t<div class=\"timeline-item__card-arrow\"><\/div>\n\t<\/div>\n\t<div class=\"timeline-item__point\"><div class=\"timeline-item__point-content timeline-item__point-content--icon\"><span class=\"jet-elements-icon\"><i aria-hidden=\"true\" class=\"fas fa-calendar-alt\"><\/i><\/span><\/div><\/div><div class=\"timeline-item__meta\"><div class=\"timeline-item__meta-content\">1994<\/div><\/div><\/div><div class=\"jet-timeline-item  elementor-repeater-item-a954821 jet-timeline-item--image-inside\">\n\t<div class=\"timeline-item__card\">\n\t\t<div class=\"timeline-item__card-inner\">\n\t\t\t\t<div class=\"timeline-item__card-img\"><img src=\"https:\/\/www.sunn.fr\/wp_into_sunn\/wp-content\/uploads\/2020\/09\/17photo.png\" title=\"\" alt=\"\" \/><\/div>\t\t\t\t<div class=\"timeline-item__card-content\">\n\t\t\t\t\t<div class=\"timeline-item__meta\"><div class=\"timeline-item__meta-content\">1994<\/div><\/div><h5 class=\"timeline-item__card-title\">The MTB range expands, and more wins are racked up<\/h5><div class=\"timeline-item__card-desc\">Sunn introduces its Tox, 5000, Vertix, Revolt and Maxe bikes. Eric Barone joins the Sunn Team and becomes MTB World Champion in Masters Downhill. Noteworthy launch of the Radical Plus DH bike (rigid with Vitus tubes).<\/div>\t\t\t\t<\/div>\n\t\t\t\t\t\t<\/div>\n\t\t<div class=\"timeline-item__card-arrow\"><\/div>\n\t<\/div>\n\t<div class=\"timeline-item__point\"><div class=\"timeline-item__point-content timeline-item__point-content--icon\"><span class=\"jet-elements-icon\"><i aria-hidden=\"true\" class=\"fas fa-calendar-alt\"><\/i><\/span><\/div><\/div><div class=\"timeline-item__meta\"><div class=\"timeline-item__meta-content\">1994<\/div><\/div><\/div><div class=\"jet-timeline-item  elementor-repeater-item-38a98dc jet-timeline-item--image-inside\">\n\t<div class=\"timeline-item__card\">\n\t\t<div class=\"timeline-item__card-inner\">\n\t\t\t\t<div class=\"timeline-item__card-img\"><img src=\"https:\/\/www.sunn.fr\/wp_into_sunn\/wp-content\/uploads\/2020\/09\/15photo.png\" title=\"\" alt=\"\" \/><\/div>\t\t\t\t<div class=\"timeline-item__card-content\">\n\t\t\t\t\t<div class=\"timeline-item__meta\"><div class=\"timeline-item__meta-content\">1994<\/div><\/div><h5 class=\"timeline-item__card-title\">A world title in seniors downhill MTB<\/h5><div class=\"timeline-item__card-desc\">Fran\u00e7ois Gachet makes a name for himself in the final World Cup rankings.<\/div>\t\t\t\t<\/div>\n\t\t\t\t\t\t<\/div>\n\t\t<div class=\"timeline-item__card-arrow\"><\/div>\n\t<\/div>\n\t<div class=\"timeline-item__point\"><div class=\"timeline-item__point-content timeline-item__point-content--icon\"><span class=\"jet-elements-icon\"><i aria-hidden=\"true\" class=\"fas fa-calendar-alt\"><\/i><\/span><\/div><\/div><div class=\"timeline-item__meta\"><div class=\"timeline-item__meta-content\">1994<\/div><\/div><\/div><div class=\"jet-timeline-item  elementor-repeater-item-68828b9 jet-timeline-item--image-inside\">\n\t<div class=\"timeline-item__card\">\n\t\t<div class=\"timeline-item__card-inner\">\n\t\t\t\t<div class=\"timeline-item__card-img\"><img src=\"https:\/\/www.sunn.fr\/wp_into_sunn\/wp-content\/uploads\/2020\/09\/13photo.png\" title=\"\" alt=\"\" \/><\/div>\t\t\t\t<div class=\"timeline-item__card-content\">\n\t\t\t\t\t<div class=\"timeline-item__meta\"><div class=\"timeline-item__meta-content\">1993<\/div><\/div><h5 class=\"timeline-item__card-title\">The Sunn MTB Team grows<\/h5><div class=\"timeline-item__card-desc\">Anne-Caroline Chausson leaves BMX for MTB with a modified 6003, a move that soon ears her a juniors world championship in downhill mountain biking.<\/div>\t\t\t\t<\/div>\n\t\t\t\t\t\t<\/div>\n\t\t<div class=\"timeline-item__card-arrow\"><\/div>\n\t<\/div>\n\t<div class=\"timeline-item__point\"><div class=\"timeline-item__point-content timeline-item__point-content--icon\"><span class=\"jet-elements-icon\"><i aria-hidden=\"true\" class=\"fas fa-calendar-alt\"><\/i><\/span><\/div><\/div><div class=\"timeline-item__meta\"><div class=\"timeline-item__meta-content\">1993<\/div><\/div><\/div><div class=\"jet-timeline-item  elementor-repeater-item-e67fd42 jet-timeline-item--image-inside\">\n\t<div class=\"timeline-item__card\">\n\t\t<div class=\"timeline-item__card-inner\">\n\t\t\t\t<div class=\"timeline-item__card-img\"><img src=\"https:\/\/www.sunn.fr\/wp_into_sunn\/wp-content\/uploads\/2020\/09\/14photo.png\" title=\"\" alt=\"\" \/><\/div>\t\t\t\t<div class=\"timeline-item__card-content\">\n\t\t\t\t\t<div class=\"timeline-item__meta\"><div class=\"timeline-item__meta-content\">1993<\/div><\/div><h5 class=\"timeline-item__card-title\">A world title in juniors downhill MTB<\/h5><div class=\"timeline-item__card-desc\">This is also the year when other young BMXers decide to make the switch to mountain biking, with Florent Poussin, C\u00e9dric Gracia and Carmine Falco appearing on downhill runs with their BMX style and technique.<\/div>\t\t\t\t<\/div>\n\t\t\t\t\t\t<\/div>\n\t\t<div class=\"timeline-item__card-arrow\"><\/div>\n\t<\/div>\n\t<div class=\"timeline-item__point\"><div class=\"timeline-item__point-content timeline-item__point-content--icon\"><span class=\"jet-elements-icon\"><i aria-hidden=\"true\" class=\"fas fa-calendar-alt\"><\/i><\/span><\/div><\/div><div class=\"timeline-item__meta\"><div class=\"timeline-item__meta-content\">1993<\/div><\/div><\/div><div class=\"jet-timeline-item  elementor-repeater-item-02d2ed1 jet-timeline-item--image-inside\">\n\t<div class=\"timeline-item__card\">\n\t\t<div class=\"timeline-item__card-inner\">\n\t\t\t\t<div class=\"timeline-item__card-img\"><img src=\"https:\/\/www.sunn.fr\/wp_into_sunn\/wp-content\/uploads\/2020\/09\/12photo.png\" title=\"\" alt=\"\" \/><\/div>\t\t\t\t<div class=\"timeline-item__card-content\">\n\t\t\t\t\t<div class=\"timeline-item__meta\"><div class=\"timeline-item__meta-content\">1993<\/div><\/div><h5 class=\"timeline-item__card-title\">Co-factory &amp; 5003R<\/h5><div class=\"timeline-item__card-desc\">Sunn releases the 5003R, which would remain the benchmark for MTBs for years to come. That same year, it was named mountain bike of the year by the magazine V\u00e9lo Vert.<\/div>\t\t\t\t<\/div>\n\t\t\t\t\t\t<\/div>\n\t\t<div class=\"timeline-item__card-arrow\"><\/div>\n\t<\/div>\n\t<div class=\"timeline-item__point\"><div class=\"timeline-item__point-content timeline-item__point-content--icon\"><span class=\"jet-elements-icon\"><i aria-hidden=\"true\" class=\"fas fa-calendar-alt\"><\/i><\/span><\/div><\/div><div class=\"timeline-item__meta\"><div class=\"timeline-item__meta-content\">1993<\/div><\/div><\/div><div class=\"jet-timeline-item  elementor-repeater-item-f990f23 jet-timeline-item--image-inside\">\n\t<div class=\"timeline-item__card\">\n\t\t<div class=\"timeline-item__card-inner\">\n\t\t\t\t<div class=\"timeline-item__card-img\"><img src=\"https:\/\/www.sunn.fr\/wp_into_sunn\/wp-content\/uploads\/2020\/09\/11photo.png\" title=\"\" alt=\"\" \/><\/div>\t\t\t\t<div class=\"timeline-item__card-content\">\n\t\t\t\t\t<div class=\"timeline-item__meta\"><div class=\"timeline-item__meta-content\">1991<\/div><\/div><h5 class=\"timeline-item__card-title\">A pivotal year<\/h5><div class=\"timeline-item__card-desc\">Sunn releases a range of basic MTBs with very carefully designed geometry and narrow steel tubes.<\/div>\t\t\t\t<\/div>\n\t\t\t\t\t\t<\/div>\n\t\t<div class=\"timeline-item__card-arrow\"><\/div>\n\t<\/div>\n\t<div class=\"timeline-item__point\"><div class=\"timeline-item__point-content timeline-item__point-content--icon\"><span class=\"jet-elements-icon\"><i aria-hidden=\"true\" class=\"fas fa-calendar-alt\"><\/i><\/span><\/div><\/div><div class=\"timeline-item__meta\"><div class=\"timeline-item__meta-content\">1991<\/div><\/div><\/div><div class=\"jet-timeline-item  elementor-repeater-item-d99aa73 jet-timeline-item--image-inside\">\n\t<div class=\"timeline-item__card\">\n\t\t<div class=\"timeline-item__card-inner\">\n\t\t\t\t<div class=\"timeline-item__card-img\"><img src=\"https:\/\/www.sunn.fr\/wp_into_sunn\/wp-content\/uploads\/2020\/09\/10photo.png\" title=\"\" alt=\"\" \/><\/div>\t\t\t\t<div class=\"timeline-item__card-content\">\n\t\t\t\t\t<div class=\"timeline-item__meta\"><div class=\"timeline-item__meta-content\">1988<\/div><\/div><h5 class=\"timeline-item__card-title\">The height of BMX and the early days of mountain bikes<\/h5><div class=\"timeline-item__card-desc\">Sunn becomes a BMX world champion with the Sunn Chipie Team. In mountain biking, the first Radical is launched, to the delight of early downhill riders. A new BMX bike is also released, the Snowscoot.<\/div>\t\t\t\t<\/div>\n\t\t\t\t\t\t<\/div>\n\t\t<div class=\"timeline-item__card-arrow\"><\/div>\n\t<\/div>\n\t<div class=\"timeline-item__point\"><div class=\"timeline-item__point-content timeline-item__point-content--icon\"><span class=\"jet-elements-icon\"><i aria-hidden=\"true\" class=\"fas fa-calendar-alt\"><\/i><\/span><\/div><\/div><div class=\"timeline-item__meta\"><div class=\"timeline-item__meta-content\">1988<\/div><\/div><\/div><div class=\"jet-timeline-item  elementor-repeater-item-689b2d9 jet-timeline-item--image-inside\">\n\t<div class=\"timeline-item__card\">\n\t\t<div class=\"timeline-item__card-inner\">\n\t\t\t\t<div class=\"timeline-item__card-img\"><img src=\"https:\/\/www.sunn.fr\/wp_into_sunn\/wp-content\/uploads\/2020\/09\/8photo.png\" title=\"\" alt=\"\" \/><\/div>\t\t\t\t<div class=\"timeline-item__card-content\">\n\t\t\t\t\t<div class=\"timeline-item__meta\"><div class=\"timeline-item__meta-content\">1988<\/div><\/div><h5 class=\"timeline-item__card-title\">MX France becomes Sunn SA<\/h5><div class=\"timeline-item__card-desc\">The first MTBs arrive in the US but are not at all aligned with Max Commen\u00e7al\u2019s image of a mountain bike. Rather than starting with road bikes and fitting them with knobby tyres, Sunn develops MTBs with frames that look more like big BMX bikes. Sunn needs funding to grow and looks to external investors. The MX France sole proprietorship becomes the limited company, Sunn SA. Max Commen\u00e7al retains 35% of its equity and continues to lead the brand on his own.<\/div>\t\t\t\t<\/div>\n\t\t\t\t\t\t<\/div>\n\t\t<div class=\"timeline-item__card-arrow\"><\/div>\n\t<\/div>\n\t<div class=\"timeline-item__point\"><div class=\"timeline-item__point-content timeline-item__point-content--icon\"><span class=\"jet-elements-icon\"><i aria-hidden=\"true\" class=\"fas fa-calendar-alt\"><\/i><\/span><\/div><\/div><div class=\"timeline-item__meta\"><div class=\"timeline-item__meta-content\">1988<\/div><\/div><\/div><div class=\"jet-timeline-item  elementor-repeater-item-eec82af jet-timeline-item--image-inside\">\n\t<div class=\"timeline-item__card\">\n\t\t<div class=\"timeline-item__card-inner\">\n\t\t\t\t<div class=\"timeline-item__card-img\"><img src=\"https:\/\/www.sunn.fr\/wp_into_sunn\/wp-content\/uploads\/2020\/09\/8photo.png\" title=\"\" alt=\"\" \/><\/div>\t\t\t\t<div class=\"timeline-item__card-content\">\n\t\t\t\t\t<div class=\"timeline-item__meta\"><div class=\"timeline-item__meta-content\">1987<\/div><\/div><h5 class=\"timeline-item__card-title\">MX sets the benchmark for BMX bikes<\/h5><div class=\"timeline-item__card-desc\">Expert, Superclass Alu, Pro Cruiser and Zeronine join the BMX range.<\/div>\t\t\t\t<\/div>\n\t\t\t\t\t\t<\/div>\n\t\t<div class=\"timeline-item__card-arrow\"><\/div>\n\t<\/div>\n\t<div class=\"timeline-item__point\"><div class=\"timeline-item__point-content timeline-item__point-content--icon\"><span class=\"jet-elements-icon\"><i aria-hidden=\"true\" class=\"fas fa-calendar-alt\"><\/i><\/span><\/div><\/div><div class=\"timeline-item__meta\"><div class=\"timeline-item__meta-content\">1987<\/div><\/div><\/div><div class=\"jet-timeline-item  elementor-repeater-item-09d2993 jet-timeline-item--image-inside\">\n\t<div class=\"timeline-item__card\">\n\t\t<div class=\"timeline-item__card-inner\">\n\t\t\t\t<div class=\"timeline-item__card-img\"><img src=\"https:\/\/www.sunn.fr\/wp_into_sunn\/wp-content\/uploads\/2020\/09\/7photo.png\" title=\"\" alt=\"\" \/><\/div>\t\t\t\t<div class=\"timeline-item__card-content\">\n\t\t\t\t\t<div class=\"timeline-item__meta\"><div class=\"timeline-item__meta-content\">1985<\/div><\/div><h5 class=\"timeline-item__card-title\">Sunn BMXs excel in competition<\/h5><div class=\"timeline-item__card-desc\">Release of a range of BMX competition bikes featuring Sunn Pro and Sunn Mini Pro CrMo.<\/div>\t\t\t\t<\/div>\n\t\t\t\t\t\t<\/div>\n\t\t<div class=\"timeline-item__card-arrow\"><\/div>\n\t<\/div>\n\t<div class=\"timeline-item__point\"><div class=\"timeline-item__point-content timeline-item__point-content--icon\"><span class=\"jet-elements-icon\"><i aria-hidden=\"true\" class=\"fas fa-calendar-alt\"><\/i><\/span><\/div><\/div><div class=\"timeline-item__meta\"><div class=\"timeline-item__meta-content\">1985<\/div><\/div><\/div><div class=\"jet-timeline-item  elementor-repeater-item-bc072da jet-timeline-item--image-inside\">\n\t<div class=\"timeline-item__card\">\n\t\t<div class=\"timeline-item__card-inner\">\n\t\t\t\t<div class=\"timeline-item__card-img\"><img src=\"https:\/\/www.sunn.fr\/wp_into_sunn\/wp-content\/uploads\/2020\/09\/6photo.png\" title=\"\" alt=\"\" \/><\/div>\t\t\t\t<div class=\"timeline-item__card-content\">\n\t\t\t\t\t<div class=\"timeline-item__meta\"><div class=\"timeline-item__meta-content\">1984<\/div><\/div><h5 class=\"timeline-item__card-title\">The product line expands<\/h5><div class=\"timeline-item__card-desc\">Release of the BMX Junior Evolution and L, LX and GLX models.<\/div>\t\t\t\t<\/div>\n\t\t\t\t\t\t<\/div>\n\t\t<div class=\"timeline-item__card-arrow\"><\/div>\n\t<\/div>\n\t<div class=\"timeline-item__point\"><div class=\"timeline-item__point-content timeline-item__point-content--icon\"><span class=\"jet-elements-icon\"><i aria-hidden=\"true\" class=\"fas fa-calendar-alt\"><\/i><\/span><\/div><\/div><div class=\"timeline-item__meta\"><div class=\"timeline-item__meta-content\">1984<\/div><\/div><\/div><div class=\"jet-timeline-item  elementor-repeater-item-290e9e7 jet-timeline-item--image-inside\">\n\t<div class=\"timeline-item__card\">\n\t\t<div class=\"timeline-item__card-inner\">\n\t\t\t\t<div class=\"timeline-item__card-img\"><img src=\"https:\/\/www.sunn.fr\/wp_into_sunn\/wp-content\/uploads\/2020\/09\/5photo.png\" title=\"\" alt=\"\" \/><\/div>\t\t\t\t<div class=\"timeline-item__card-content\">\n\t\t\t\t\t<div class=\"timeline-item__meta\"><div class=\"timeline-item__meta-content\">1984<\/div><\/div><h5 class=\"timeline-item__card-title\">MX France begins selling BMX bikes<\/h5><div class=\"timeline-item__card-desc\">1984: Release of the BMX Elite and Mini Sunn. Sunn develops BMX competition bikes, starting with kids\u2019 bikes, a market that was more or less neglected at the time. These BMX bikes are initially made of chromoly steel, before Sunn becomes a pioneer in manufacturing aluminium frames.<\/div>\t\t\t\t<\/div>\n\t\t\t\t\t\t<\/div>\n\t\t<div class=\"timeline-item__card-arrow\"><\/div>\n\t<\/div>\n\t<div class=\"timeline-item__point\"><div class=\"timeline-item__point-content timeline-item__point-content--icon\"><span class=\"jet-elements-icon\"><i aria-hidden=\"true\" class=\"fas fa-calendar-alt\"><\/i><\/span><\/div><\/div><div class=\"timeline-item__meta\"><div class=\"timeline-item__meta-content\">1984<\/div><\/div><\/div><div class=\"jet-timeline-item  elementor-repeater-item-474ac08 jet-timeline-item--image-inside\">\n\t<div class=\"timeline-item__card\">\n\t\t<div class=\"timeline-item__card-inner\">\n\t\t\t\t<div class=\"timeline-item__card-img\"><img src=\"https:\/\/www.sunn.fr\/wp_into_sunn\/wp-content\/uploads\/2020\/09\/4photo.png\" title=\"\" alt=\"\" \/><\/div>\t\t\t\t<div class=\"timeline-item__card-content\">\n\t\t\t\t\t<div class=\"timeline-item__meta\"><div class=\"timeline-item__meta-content\">1982<\/div><\/div><h5 class=\"timeline-item__card-title\">Origin story: Creation of MX France<\/h5><div class=\"timeline-item__card-desc\">Max Commen\u00e7al creates MX France, a small sole proprietorship. His first BMX bikes would be branded with the MX name. But that only lasted a few months. The bikes were soon renamed Sunn, a more \u201cinternational\u201d name, with two letter n\u2019s for twice the sun!<\/div>\t\t\t\t<\/div>\n\t\t\t\t\t\t<\/div>\n\t\t<div class=\"timeline-item__card-arrow\"><\/div>\n\t<\/div>\n\t<div class=\"timeline-item__point\"><div class=\"timeline-item__point-content timeline-item__point-content--icon\"><span class=\"jet-elements-icon\"><i aria-hidden=\"true\" class=\"fas fa-calendar-alt\"><\/i><\/span><\/div><\/div><div class=\"timeline-item__meta\"><div class=\"timeline-item__meta-content\">1982<\/div><\/div><\/div><\/div><\/div><\/div>\t\t<\/div>\n\t\t\t\t<\/div>\n\t\t\t\t\t\t<\/div>\n\t\t\t\t\t<\/div>\n\t\t<\/div>\n\t\t\t\t\t\t\t\t<\/div>\n\t\t\t\t\t<\/div>\n\t\t<\/section>\n\t\t\t\t\t\t\t\t\t<\/div>\n\t\t\t<\/div>\n\t\t\t\t\t<\/div>\n\t\t","protected":false},"excerpt":{"rendered":"<p>A brand is nothing without history or experience, which we have been cultivating for almost 40 years ! 2022 Partnership Loudenvielle &#8211; Pyr\u00e9n\u00e9es Bike Festival SUNN becomes title partner of the Pyrenees Bike Festival in Loudenvielle !D\u00e9couvrir 2022 2022 L\u00e9o Garoyan &#8211; U23 BMX World Champion L\u00e9o GAROYAN was crowned U23 World Champion at the [&hellip;]<\/p>\n","protected":false},"author":3,"featured_media":0,"parent":0,"menu_order":0,"comment_status":"closed","ping_status":"closed","template":"elementor_header_footer","meta":[],"_links":{"self":[{"href":"https:\/\/www.sunn.fr\/wp_into_sunn\/wp-json\/wp\/v2\/pages\/13362"}],"collection":[{"href":"https:\/\/www.sunn.fr\/wp_into_sunn\/wp-json\/wp\/v2\/pages"}],"about":[{"href":"https:\/\/www.sunn.fr\/wp_into_sunn\/wp-json\/wp\/v2\/types\/page"}],"author":[{"embeddable":true,"href":"https:\/\/www.sunn.fr\/wp_into_sunn\/wp-json\/wp\/v2\/users\/3"}],"replies":[{"embeddable":true,"href":"https:\/\/www.sunn.fr\/wp_into_sunn\/wp-json\/wp\/v2\/comments?post=13362"}],"version-history":[{"count":4,"href":"https:\/\/www.sunn.fr\/wp_into_sunn\/wp-json\/wp\/v2\/pages\/13362\/revisions"}],"predecessor-version":[{"id":13367,"href":"https:\/\/www.sunn.fr\/wp_into_sunn\/wp-json\/wp\/v2\/pages\/13362\/revisions\/13367"}],"wp:attachment":[{"href":"https:\/\/www.sunn.fr\/wp_into_sunn\/wp-json\/wp\/v2\/media?parent=13362"}],"curies":[{"name":"wp","href":"https:\/\/api.w.org\/{rel}","templated":true}]}}